{"id":1579,"date":"2021-08-09T13:29:12","date_gmt":"2021-08-09T13:29:12","guid":{"rendered":"http:\/\/lohn-portalwp1-test.lx.eurodata.de\/wordpress\/?page_id=1579"},"modified":"2022-10-17T14:22:39","modified_gmt":"2022-10-17T12:22:39","slug":"termine","status":"publish","type":"page","link":"https:\/\/www.edlohn.de\/home\/termine\/","title":{"rendered":"Termine"},"content":{"rendered":"<section class=\"l-section wpb_row height_medium\"><div class=\"l-section-h i-cf\"><div class=\"g-cols vc_row via_flex valign_top type_default stacking_default\"><div class=\"vc_col-sm-3 wpb_column vc_column_container hide_on_tablets hide_on_mobiles\"><div class=\"vc_column-inner\"><div class=\"wpb_wrapper\"><nav class=\"w-menu layout_ver style_links us_menu_1\" style=\"--main-gap:1.5rem;--main-ver-indent:0.8em;--main-hor-indent:0.8em;--main-color:inherit;\"><ul id=\"menu-anwendung-left-navitagion\" class=\"menu\"><li id=\"menu-item-1511\" class=\"menu-item menu-item-type-post_type menu-item-object-page menu-item-1511\"><a href=\"https:\/\/www.edlohn.de\/home\/anwendungen\/\">Anwendungen<\/a><\/li><li id=\"menu-item-1583\" class=\"menu-item menu-item-type-post_type menu-item-object-page menu-item-1583\"><a href=\"https:\/\/www.edlohn.de\/home\/termine\/\">Termine<\/a><\/li><li id=\"menu-item-3207\" class=\"menu-item menu-item-type-post_type menu-item-object-page menu-item-3207\"><a href=\"https:\/\/www.edlohn.de\/home\/web-seminare\/\">Web-Seminare<\/a><\/li><li id=\"menu-item-1591\" class=\"menu-item menu-item-type-post_type menu-item-object-page menu-item-1591\"><a href=\"https:\/\/www.edlohn.de\/home\/handbuch\/\">Handbuch<\/a><\/li><li id=\"menu-item-1586\" class=\"menu-item menu-item-type-post_type menu-item-object-page menu-item-1586\"><a href=\"https:\/\/www.edlohn.de\/home\/organisatorisches-rund-um-edlohn\/\">Organisatorisches<\/a><\/li><li id=\"menu-item-5510\" class=\"menu-item menu-item-type-post_type menu-item-object-page menu-item-5510\"><a href=\"https:\/\/www.edlohn.de\/home\/hilfreiche-links\/\">Hilfreiche Links<\/a><\/li><li id=\"menu-item-1592\" class=\"menu-item menu-item-type-post_type menu-item-object-page menu-item-1592\"><a href=\"https:\/\/www.edlohn.de\/home\/zertifikate-und-testate\/\">Zertifikate und Testate<\/a><\/li><\/ul><style>@media ( max-width:600px ){.us_menu_1 .menu{display:block!important}.us_menu_1 .menu>li:not(:last-child){margin:0 0 var(--main-gap,1.5rem)!important}}<\/style><\/nav><\/div><\/div><\/div><div class=\"vc_col-sm-9 wpb_column vc_column_container\"><div class=\"vc_column-inner us_custom_25f47d0e\"><div class=\"wpb_wrapper\"><div class=\"wpb_text_column us_custom_a6927d4c\"><div class=\"wpb_wrapper\"><h1>Termine<\/h1>\n<\/div><\/div><section class=\"l-section wpb_row us_custom_9c8713ca height_medium\"><div class=\"l-section-h i-cf\"><div class=\"g-cols vc_row via_flex valign_top type_default stacking_default\"><div class=\"vc_col-sm-12 wpb_column vc_column_container\"><div class=\"vc_column-inner\"><div class=\"wpb_wrapper\"><div class=\"w-tabs us_custom_caf3b280 layout_hor style_default switch_click has_scrolling\" style=\"--sections-title-size:1em\"><div class=\"w-tabs-list items_3 align_none\"><div class=\"w-tabs-list-h\"><button class=\"w-tabs-item active with_icon\" aria-controls=\"content-l881\" aria-expanded=\"false\"><i class=\"material-icons\">calendar_today<\/i><span class=\"w-tabs-item-title\">Termine<\/span><\/button><button class=\"w-tabs-item with_icon\" aria-controls=\"content-t9b4\" aria-expanded=\"false\"><i class=\"fas fa-newspaper\"><\/i><span class=\"w-tabs-item-title\">Aktuelles<\/span><\/button><button class=\"w-tabs-item with_icon\" aria-controls=\"content-h402\" aria-expanded=\"false\"><i class=\"material-icons\">auto_awesome<\/i><span class=\"w-tabs-item-title\">Updates<\/span><\/button><\/div><\/div><div class=\"w-tabs-sections titles-align_none icon_chevron cpos_right\"><div class=\"w-tabs-section active\" id=\"l881\"><button class=\"w-tabs-section-header active with_icon\" aria-controls=\"content-l881\" aria-expanded=\"true\"><i class=\"material-icons\">calendar_today<\/i><div class=\"w-tabs-section-title\">Termine<\/div><div class=\"w-tabs-section-control\"><\/div><\/button><div  class=\"w-tabs-section-content\" id=\"content-l881\"><div class=\"w-tabs-section-content-h i-cf\"><div id=\"mec_skin_3635\" class=\"mec-wrap colorskin-custom  \">\n\n    \n    <div class=\"mec-calendar mec-box-calendar mec-event-calendar-classic mec-event-container-novel\" id=\"mec_skin_events_3635_full\">\n                <div class=\"mec-calendar-side mec-clear\">\n                        <div class=\"mec-skin-monthly-view-month-navigator-container\">\n                <div class=\"mec-month-navigator\" id=\"mec_month_navigator_3635_202604\"><div class=\"mec-previous-month mec-load-month mec-previous-month\" data-mec-year=\"2026\" data-mec-month=\"03\"><a href=\"#\" class=\"mec-load-month-link\"><i class=\"mec-sl-angle-left\"><\/i> M\u00e4rz<\/a><\/div><div class=\"mec-calendar-header\"><h2>April 2026<\/h2><\/div><div class=\"mec-next-month mec-load-month mec-next-month\" data-mec-year=\"2026\" data-mec-month=\"05\"><a href=\"#\" class=\"mec-load-month-link\">Mai <i class=\"mec-sl-angle-right\"><\/i><\/a><\/div><\/div>\n            <\/div>\n            \n            <div class=\"mec-calendar-table\" id=\"mec_skin_events_3635\">\n                <div class=\"mec-month-container mec-month-container-selected\" id=\"mec_monthly_view_month_3635_202604\" data-month-id=\"202604\"><dl class=\"mec-calendar-table-head\"><dt class=\"mec-calendar-day-head\">MO<\/dt><dt class=\"mec-calendar-day-head\">DI<\/dt><dt class=\"mec-calendar-day-head\">MI<\/dt><dt class=\"mec-calendar-day-head\">DO<\/dt><dt class=\"mec-calendar-day-head\">FR<\/dt><dt class=\"mec-calendar-day-head\">SA<\/dt><dt class=\"mec-calendar-day-head\">SO<\/dt><\/dl><dl class=\"mec-calendar-row\">\n    <dt class=\"mec-table-nullday\">30<\/dt><dt class=\"mec-table-nullday\">31<\/dt><dt class=\"mec-calendar-day \" data-mec-cell=\"20260401\" data-day=\"1\" data-month=\"202604\">1<\/dt><\/dt><dt class=\"mec-calendar-day \" data-mec-cell=\"20260402\" data-day=\"2\" data-month=\"202604\">2<\/dt><\/dt><dt class=\"mec-calendar-day \" data-mec-cell=\"20260403\" data-day=\"3\" data-month=\"202604\">3<\/dt><\/dt><dt class=\"mec-calendar-day \" data-mec-cell=\"20260404\" data-day=\"4\" data-month=\"202604\">4<\/dt><\/dt><dt class=\"mec-calendar-day \" data-mec-cell=\"20260405\" data-day=\"5\" data-month=\"202604\">5<\/dt><\/dt><\/dl><dl class=\"mec-calendar-row\"><dt class=\"mec-calendar-day \" data-mec-cell=\"20260406\" data-day=\"6\" data-month=\"202604\">6<\/dt><\/dt><dt class=\"mec-calendar-day \" data-mec-cell=\"20260407\" data-day=\"7\" data-month=\"202604\"><div class=\"mec-calendar-novel-selected-day \">7<\/div><a class=\"mec-past-event event-single-link-novel\" data-event-id=\"10133\" href=\"https:\/\/www.edlohn.de\/home\/events\/edlohn-fuer-interessenten-10-372-765-958-264-820-437-739-478-321-416-756-471-416-101-362-653-947-580-886-541-371-948-828-386-197-803-983-989\/\"><div style=\"background:#80bfce\" class=\"mec-single-event-novel mec-event-article \"><h4 class=\"mec-event-title\">edlohn f\u00fcr Interessenten<\/h4><\/div><\/a><\/dt><dt class=\"mec-calendar-day \" data-mec-cell=\"20260408\" data-day=\"8\" data-month=\"202604\">8<\/dt><\/dt><dt class=\"mec-calendar-day \" data-mec-cell=\"20260409\" data-day=\"9\" data-month=\"202604\"><div class=\"mec-calendar-novel-selected-day \">9<\/div><a class=\"mec-past-event event-single-link-novel\" data-event-id=\"10162\" href=\"https:\/\/www.edlohn.de\/home\/events\/edlohn-fuer-interessenten-10-372-765-958-264-820-437-739-478-321-416-756-471-416-101-362-653-947-580-886-541-371-948-828-386-197-803-983-989-359-284\/\"><div style=\"background:#80bfce\" class=\"mec-single-event-novel mec-event-article \"><h4 class=\"mec-event-title\">edlohn f\u00fcr Interessenten<\/h4><\/div><\/a><\/dt><dt class=\"mec-calendar-day \" data-mec-cell=\"20260410\" data-day=\"10\" data-month=\"202604\"><div class=\"mec-calendar-novel-selected-day \">10<\/div><a class=\"mec-past-event event-single-link-novel\" data-event-id=\"9769\" href=\"https:\/\/www.edlohn.de\/home\/events\/faelligkeit-lohn-und-kirchensteuer-november-2022-764-650-626-743-910-338-175-648-413-594-232-323-451-510-797-253-388-369-482-878-549-820-566-558-474-574-498-873-962-541-148-364-226-262-513-622\/\"><div style=\"background:#ffc476\" class=\"mec-single-event-novel mec-event-article \"><h4 class=\"mec-event-title\">F\u00e4lligkeit Lohn- und Kirchensteuer M\u00e4rz 2026<\/h4><\/div><\/a><\/dt><dt class=\"mec-calendar-day \" data-mec-cell=\"20260411\" data-day=\"11\" data-month=\"202604\">11<\/dt><\/dt><dt class=\"mec-calendar-day \" data-mec-cell=\"20260412\" data-day=\"12\" data-month=\"202604\">12<\/dt><\/dt><\/dl><dl class=\"mec-calendar-row\"><dt class=\"mec-calendar-day \" data-mec-cell=\"20260413\" data-day=\"13\" data-month=\"202604\">13<\/dt><\/dt><dt class=\"mec-calendar-day \" data-mec-cell=\"20260414\" data-day=\"14\" data-month=\"202604\"><div class=\"mec-calendar-novel-selected-day \">14<\/div><a class=\"mec-past-event event-single-link-novel\" data-event-id=\"10140\" href=\"https:\/\/www.edlohn.de\/home\/events\/update-des-lohnsystems-06-01-2026-679-504-267\/\"><div style=\"background:#fcf8c1\" class=\"mec-single-event-novel mec-event-article \"><h4 class=\"mec-event-title\">Update des Lohnsystems &#8211; 14.04.2026<\/h4><\/div><\/a><\/dt><dt class=\"mec-calendar-day \" data-mec-cell=\"20260415\" data-day=\"15\" data-month=\"202604\">15<\/dt><\/dt><dt class=\"mec-calendar-day \" data-mec-cell=\"20260416\" data-day=\"16\" data-month=\"202604\">16<\/dt><\/dt><dt class=\"mec-calendar-day \" data-mec-cell=\"20260417\" data-day=\"17\" data-month=\"202604\">17<\/dt><\/dt><dt class=\"mec-calendar-day \" data-mec-cell=\"20260418\" data-day=\"18\" data-month=\"202604\">18<\/dt><\/dt><dt class=\"mec-calendar-day \" data-mec-cell=\"20260419\" data-day=\"19\" data-month=\"202604\">19<\/dt><\/dt><\/dl><dl class=\"mec-calendar-row\"><dt class=\"mec-calendar-day \" data-mec-cell=\"20260420\" data-day=\"20\" data-month=\"202604\">20<\/dt><\/dt><dt class=\"mec-calendar-day \" data-mec-cell=\"20260421\" data-day=\"21\" data-month=\"202604\">21<\/dt><\/dt><dt class=\"mec-calendar-day \" data-mec-cell=\"20260422\" data-day=\"22\" data-month=\"202604\"><div class=\"mec-calendar-novel-selected-day \">22<\/div><a class=\"mec-past-event event-single-link-novel\" data-event-id=\"10135\" href=\"https:\/\/www.edlohn.de\/home\/events\/edlohn-fuer-interessenten-10-372-765-958-264-820-437-739-478-321-416-756-471-416-101-362-653-947-580-886-541-371-948-828-386-197-803-983-989-359\/\"><div style=\"background:#80bfce\" class=\"mec-single-event-novel mec-event-article \"><h4 class=\"mec-event-title\">edlohn f\u00fcr Interessenten<\/h4><\/div><\/a><\/dt><dt class=\"mec-calendar-day \" data-mec-cell=\"20260423\" data-day=\"23\" data-month=\"202604\"><div class=\"mec-calendar-novel-selected-day \">23<\/div><a class=\"mec-past-event event-single-link-novel\" data-event-id=\"9718\" href=\"https:\/\/www.edlohn.de\/home\/events\/uebermittlungstag-beitragsnachweise-dezember-2022-551-791-523-248-200-739-699-308-518-298-302-478-513-101-102-500-317\/\"><div style=\"background:#ffc476\" class=\"mec-single-event-novel mec-event-article \"><h4 class=\"mec-event-title\">\u00dcbermittlungstag Beitragsnachweise April 2026<\/h4><\/div><\/a><\/dt><dt class=\"mec-calendar-day \" data-mec-cell=\"20260424\" data-day=\"24\" data-month=\"202604\">24<\/dt><\/dt><dt class=\"mec-calendar-day \" data-mec-cell=\"20260425\" data-day=\"25\" data-month=\"202604\">25<\/dt><\/dt><dt class=\"mec-calendar-day \" data-mec-cell=\"20260426\" data-day=\"26\" data-month=\"202604\">26<\/dt><\/dt><\/dl><dl class=\"mec-calendar-row\"><dt class=\"mec-calendar-day \" data-mec-cell=\"20260427\" data-day=\"27\" data-month=\"202604\">27<\/dt><\/dt><dt class=\"mec-calendar-day \" data-mec-cell=\"20260428\" data-day=\"28\" data-month=\"202604\"><div class=\"mec-calendar-novel-selected-day \">28<\/div><a class=\"mec-past-event event-single-link-novel\" data-event-id=\"9742\" href=\"https:\/\/www.edlohn.de\/home\/events\/uebermittlungstag-beitragsnachweise-dezember-2022-551-791-523-248-200-739-699-308-518-298-302-769-385-646-666-328-460-858-296-865-851-472-555-227-788-752-556-557-406-179-239-931-554-387-841-919-225\/\"><div style=\"background:#ffc476\" class=\"mec-single-event-novel mec-event-article \"><h4 class=\"mec-event-title\">F\u00e4lligkeit SV-Beitr\u00e4ge April 2026<\/h4><\/div><\/a><\/dt><dt class=\"mec-calendar-day \" data-mec-cell=\"20260429\" data-day=\"29\" data-month=\"202604\">29<\/dt><\/dt><dt class=\"mec-calendar-day  mec-selected-day\" data-mec-cell=\"20260430\" data-day=\"30\" data-month=\"202604\">30<\/dt><\/dt><dt class=\"mec-table-nullday\">1<\/dt><dt class=\"mec-table-nullday\">2<\/dt><dt class=\"mec-table-nullday\">3<\/dt><\/dl><\/div>\n            <\/div>\n\n                    <\/div>\n            <\/div>\n\n        \n        <div class=\"mec-modal-result\"><\/div>\n\n<\/div><\/div><\/div><\/div><div class=\"w-tabs-section\" id=\"t9b4\"><button class=\"w-tabs-section-header with_icon\" aria-controls=\"content-t9b4\" aria-expanded=\"false\"><i class=\"fas fa-newspaper\"><\/i><div class=\"w-tabs-section-title\">Aktuelles<\/div><div class=\"w-tabs-section-control\"><\/div><\/button><div  class=\"w-tabs-section-content\" id=\"content-t9b4\"><div class=\"w-tabs-section-content-h i-cf\"><div class=\"w-grid us_grid us_custom_7aa7e35d type_grid layout_5761 cols_1 preload_style_spinner\" id=\"us_grid_1\" style=\"--columns:1;--gap:1.5rem;\" data-filterable=\"true\"><style>.layout_5761 .w-grid-item-h{}.layout_5761 .usg_post_title_1{color:var(--color-content-link)!important;margin-bottom:0!important;padding-bottom:1.3rem!important;border-color:#c3d9de!important;border-style:solid!important;border-width:0 0 1px 0!important}.layout_5761 .usg_post_date_1{color:var(--color-content-link-hover)!important}<\/style><div class=\"w-grid-list\">\t<article class=\"w-grid-item size_1x1 post-10226 post type-post status-publish format-standard hentry category-news\" data-id=\"10226\">\r\n\t\t<div class=\"w-grid-item-h\">\r\n\t\t\t\t\t\t<time class=\"w-post-elm post_date usg_post_date_1 has_text_color entry-date published\" datetime=\"2026-04-21T10:49:41+02:00\">21. April 2026<\/time><p class=\"w-post-elm post_title usg_post_title_1 has_text_color entry-title color_link_inherit\"><a href=\"https:\/\/www.edlohn.de\/home\/news\/bauwirtschaft-neue-ausbildungsverguetungen-ab-01-04-2026\/\">Bauwirtschaft: Neue Ausbildungsverg\u00fctungen ab 01.04.2026<\/a><\/p>\t\t<\/div>\r\n\t\t\t<\/article>\r\n\t<article class=\"w-grid-item size_1x1 post-10208 post type-post status-publish format-standard hentry category-news\" data-id=\"10208\">\r\n\t\t<div class=\"w-grid-item-h\">\r\n\t\t\t\t\t\t<time class=\"w-post-elm post_date usg_post_date_1 has_text_color entry-date published\" datetime=\"2026-04-15T11:27:15+02:00\">15. April 2026<\/time><p class=\"w-post-elm post_title usg_post_title_1 has_text_color entry-title color_link_inherit\"><a href=\"https:\/\/www.edlohn.de\/home\/news\/entlastungspraemie-2026-erste-informationen-fuer-sie-als-edlohn-anwender\/\">Entlastungspr\u00e4mie 2026: Erste Informationen f\u00fcr  Sie als edlohn-Anwender<\/a><\/p>\t\t<\/div>\r\n\t\t\t<\/article>\r\n\t<article class=\"w-grid-item size_1x1 post-10179 post type-post status-publish format-standard hentry category-news\" data-id=\"10179\">\r\n\t\t<div class=\"w-grid-item-h\">\r\n\t\t\t\t\t\t<time class=\"w-post-elm post_date usg_post_date_1 has_text_color entry-date published\" datetime=\"2026-04-14T08:11:06+02:00\">14. April 2026<\/time><p class=\"w-post-elm post_title usg_post_title_1 has_text_color entry-title color_link_inherit\"><a href=\"https:\/\/www.edlohn.de\/home\/news\/zwischen-update-umsetzung-der-aktivrente-und-weitere-anpassungen\/\">Zwischen-Update: Umsetzung der Aktivrente und weitere Anpassungen<\/a><\/p>\t\t<\/div>\r\n\t\t\t<\/article>\r\n\t<article class=\"w-grid-item size_1x1 post-10041 post type-post status-publish format-standard hentry category-news category-sonderthemen category-pinned\" data-id=\"10041\">\r\n\t\t<div class=\"w-grid-item-h\">\r\n\t\t\t\t\t\t<time class=\"w-post-elm post_date usg_post_date_1 has_text_color entry-date published\" datetime=\"2026-04-08T08:11:32+02:00\">8. April 2026<\/time><p class=\"w-post-elm post_title usg_post_title_1 has_text_color entry-title color_link_inherit\"><a href=\"https:\/\/www.edlohn.de\/home\/news\/aktivrente-2026-information-zur-umsetzung-in-edlohn\/\">Aktivrente 2026: Information zur Umsetzung in edlohn<\/a><\/p>\t\t<\/div>\r\n\t\t\t<\/article>\r\n\t<article class=\"w-grid-item size_1x1 post-10126 post type-post status-publish format-standard hentry category-news category-pinned\" data-id=\"10126\">\r\n\t\t<div class=\"w-grid-item-h\">\r\n\t\t\t\t\t\t<time class=\"w-post-elm post_date usg_post_date_1 has_text_color entry-date published\" datetime=\"2026-03-16T09:37:55+01:00\">16. M\u00e4rz 2026<\/time><p class=\"w-post-elm post_title usg_post_title_1 has_text_color entry-title color_link_inherit\"><a href=\"https:\/\/www.edlohn.de\/home\/news\/statushinweis-wartungsarbeiten-bei-der-deutschen-rentenversicherung-bund\/\">Statushinweis: Wartungsarbeiten bei der Deutschen Rentenversicherung Bund<\/a><\/p>\t\t<\/div>\r\n\t\t\t<\/article>\r\n\t<article class=\"w-grid-item size_1x1 post-10100 post type-post status-publish format-standard hentry category-news category-wartungen\" data-id=\"10100\">\r\n\t\t<div class=\"w-grid-item-h\">\r\n\t\t\t\t\t\t<time class=\"w-post-elm post_date usg_post_date_1 has_text_color entry-date published\" datetime=\"2026-03-12T13:29:58+01:00\">12. M\u00e4rz 2026<\/time><p class=\"w-post-elm post_title usg_post_title_1 has_text_color entry-title color_link_inherit\"><a href=\"https:\/\/www.edlohn.de\/home\/news\/statushinweis-eubp-3-5-uebermittlung-derzeit-eingeschraenkt\/\">Statushinweis: euBP 3.5 \u00dcbermittlung derzeit eingeschr\u00e4nkt (behoben!)<\/a><\/p>\t\t<\/div>\r\n\t\t\t<\/article>\r\n\t<article class=\"w-grid-item size_1x1 post-10084 post type-post status-publish format-standard hentry category-news category-pinned\" data-id=\"10084\">\r\n\t\t<div class=\"w-grid-item-h\">\r\n\t\t\t\t\t\t<time class=\"w-post-elm post_date usg_post_date_1 has_text_color entry-date published\" datetime=\"2026-02-19T10:49:39+01:00\">19. Februar 2026<\/time><p class=\"w-post-elm post_title usg_post_title_1 has_text_color entry-title color_link_inherit\"><a href=\"https:\/\/www.edlohn.de\/home\/news\/korrekturen-aus-rueckmeldungen-des-pueg-verfahrens\/\">Korrekturen aus R\u00fcckmeldungen des PUEG-Verfahrens<\/a><\/p>\t\t<\/div>\r\n\t\t\t<\/article>\r\n\t<article class=\"w-grid-item size_1x1 post-9990 post type-post status-publish format-standard hentry category-news\" data-id=\"9990\">\r\n\t\t<div class=\"w-grid-item-h\">\r\n\t\t\t\t\t\t<time class=\"w-post-elm post_date usg_post_date_1 has_text_color entry-date published\" datetime=\"2026-01-05T16:29:40+01:00\">5. Januar 2026<\/time><p class=\"w-post-elm post_title usg_post_title_1 has_text_color entry-title color_link_inherit\"><a href=\"https:\/\/www.edlohn.de\/home\/news\/jahreswechsel-2025-2026-das-aendert-sich-in-der-entgeltabrechnung-mit-edlohn\/\">Jahreswechsel 2025\/2026: Das \u00e4ndert sich in der Entgeltabrechnung mit edlohn<\/a><\/p>\t\t<\/div>\r\n\t\t\t<\/article>\r\n\t<article class=\"w-grid-item size_1x1 post-9848 post type-post status-publish format-standard hentry category-sonderthemen category-pinned\" data-id=\"9848\">\r\n\t\t<div class=\"w-grid-item-h\">\r\n\t\t\t\t\t\t<time class=\"w-post-elm post_date usg_post_date_1 has_text_color entry-date published\" datetime=\"2025-12-11T08:22:37+01:00\">11. Dezember 2025<\/time><p class=\"w-post-elm post_title usg_post_title_1 has_text_color entry-title color_link_inherit\"><a href=\"https:\/\/www.edlohn.de\/home\/news\/wichtige-information-zu-aktuellen-wartezeiten-bei-elster-rueckmeldung\/\">Wichtige Information zu aktuellen Wartezeiten bei ELSTER-R\u00fcckmeldung<\/a><\/p>\t\t<\/div>\r\n\t\t\t<\/article>\r\n\t<article class=\"w-grid-item size_1x1 post-9839 post type-post status-publish format-standard hentry category-news category-pinned\" data-id=\"9839\">\r\n\t\t<div class=\"w-grid-item-h\">\r\n\t\t\t\t\t\t<time class=\"w-post-elm post_date usg_post_date_1 has_text_color entry-date published\" datetime=\"2025-12-04T11:43:44+01:00\">4. Dezember 2025<\/time><p class=\"w-post-elm post_title usg_post_title_1 has_text_color entry-title color_link_inherit\"><a href=\"https:\/\/www.edlohn.de\/home\/news\/elstam-meldungen-mit-daten-zu-privaten-kranken-und-pflegeversicherungsbetraegen\/\">ELStAM-Meldungen mit Daten zu privaten Kranken- und Pflegeversicherungsbetr\u00e4gen<\/a><\/p>\t\t<\/div>\r\n\t\t\t<\/article>\r\n<\/div>\t<div class=\"w-grid-preloader\">\r\n\t\t<div class=\"g-preloader type_1\">\r\n\t\t\t<div><\/div>\r\n\t\t<\/div>\r\n\t<\/div>\r\n\t\t<div class=\"w-grid-json hidden\" onclick='return {&quot;action&quot;:&quot;us_ajax_grid&quot;,&quot;infinite_scroll&quot;:0,&quot;max_num_pages&quot;:21,&quot;pagination&quot;:&quot;none&quot;,&quot;template_vars&quot;:{&quot;columns&quot;:&quot;1&quot;,&quot;exclude_items&quot;:&quot;none&quot;,&quot;img_size&quot;:&quot;default&quot;,&quot;ignore_items_size&quot;:0,&quot;items_layout&quot;:&quot;5761&quot;,&quot;items_offset&quot;:&quot;1&quot;,&quot;load_animation&quot;:&quot;none&quot;,&quot;overriding_link&quot;:&quot;{\\&quot;url\\&quot;:\\&quot;\\&quot;}&quot;,&quot;post_id&quot;:5754,&quot;query_args&quot;:{&quot;post_type&quot;:[&quot;post&quot;],&quot;tax_query&quot;:[{&quot;taxonomy&quot;:&quot;category&quot;,&quot;field&quot;:&quot;slug&quot;,&quot;terms&quot;:[&quot;news&quot;,&quot;sonderthemen&quot;,&quot;tipps&quot;,&quot;uncategorized&quot;,&quot;wartungen&quot;,&quot;pinned&quot;]}],&quot;post_status&quot;:[&quot;publish&quot;],&quot;posts_per_page&quot;:&quot;10&quot;},&quot;orderby_query_args&quot;:{&quot;orderby&quot;:{&quot;date&quot;:&quot;DESC&quot;}},&quot;type&quot;:&quot;grid&quot;,&quot;us_grid_post_type&quot;:&quot;post&quot;,&quot;us_grid_ajax_index&quot;:1,&quot;us_grid_filter_query_string&quot;:null,&quot;us_grid_index&quot;:1,&quot;page_args&quot;:[]}}'><\/div>\r\n\t<\/div><\/div><\/div><\/div><div class=\"w-tabs-section\" id=\"h402\"><button class=\"w-tabs-section-header with_icon\" aria-controls=\"content-h402\" aria-expanded=\"false\"><i class=\"material-icons\">auto_awesome<\/i><div class=\"w-tabs-section-title\">Updates<\/div><div class=\"w-tabs-section-control\"><\/div><\/button><div  class=\"w-tabs-section-content\" id=\"content-h402\"><div class=\"w-tabs-section-content-h i-cf\"><div class=\"w-grid us_grid us_custom_7aa7e35d type_grid layout_5761 cols_1 preload_style_spinner\" id=\"us_grid_2\" style=\"--columns:1;--gap:1.5rem;\" data-filterable=\"true\"><div class=\"w-grid-list\">\t<article class=\"w-grid-item size_1x1 post-10066 post type-post status-publish format-standard hentry category-update\" data-id=\"10066\">\r\n\t\t<div class=\"w-grid-item-h\">\r\n\t\t\t\t\t\t<time class=\"w-post-elm post_date usg_post_date_1 has_text_color entry-date published\" datetime=\"2026-02-11T14:22:35+01:00\">11. Februar 2026<\/time><p class=\"w-post-elm post_title usg_post_title_1 has_text_color entry-title color_link_inherit\"><a href=\"https:\/\/www.edlohn.de\/home\/news\/februar-update-von-edlohn\/\">Februar-Update von edlohn<\/a><\/p>\t\t<\/div>\r\n\t\t\t<\/article>\r\n\t<article class=\"w-grid-item size_1x1 post-10050 post type-post status-publish format-standard hentry category-update\" data-id=\"10050\">\r\n\t\t<div class=\"w-grid-item-h\">\r\n\t\t\t\t\t\t<time class=\"w-post-elm post_date usg_post_date_1 has_text_color entry-date published\" datetime=\"2026-01-29T14:01:20+01:00\">29. Januar 2026<\/time><p class=\"w-post-elm post_title usg_post_title_1 has_text_color entry-title color_link_inherit\"><a href=\"https:\/\/www.edlohn.de\/home\/news\/schnellauskunft-jetzt-mit-aktuellen-werten-2026-verfuegbar\/\">Schnellauskunft jetzt mit aktuellen Werten 2026 verf\u00fcgbar<\/a><\/p>\t\t<\/div>\r\n\t\t\t<\/article>\r\n\t<article class=\"w-grid-item size_1x1 post-9957 post type-post status-publish format-standard hentry category-update\" data-id=\"9957\">\r\n\t\t<div class=\"w-grid-item-h\">\r\n\t\t\t\t\t\t<time class=\"w-post-elm post_date usg_post_date_1 has_text_color entry-date published\" datetime=\"2026-01-05T12:42:23+01:00\">5. Januar 2026<\/time><p class=\"w-post-elm post_title usg_post_title_1 has_text_color entry-title color_link_inherit\"><a href=\"https:\/\/www.edlohn.de\/home\/news\/erstes-edlohn-update-im-abrechnungsjahr-2026\/\">Erstes edlohn Update im Abrechnungsjahr 2026<\/a><\/p>\t\t<\/div>\r\n\t\t\t<\/article>\r\n\t<article class=\"w-grid-item size_1x1 post-9898 post type-post status-publish format-standard hentry category-update\" data-id=\"9898\">\r\n\t\t<div class=\"w-grid-item-h\">\r\n\t\t\t\t\t\t<time class=\"w-post-elm post_date usg_post_date_1 has_text_color entry-date published\" datetime=\"2025-12-17T11:18:49+01:00\">17. Dezember 2025<\/time><p class=\"w-post-elm post_title usg_post_title_1 has_text_color entry-title color_link_inherit\"><a href=\"https:\/\/www.edlohn.de\/home\/news\/zwischen-update-fuer-den-jahreswechsel-2026\/\">Zwischen-Update f\u00fcr den Jahreswechsel 2026<\/a><\/p>\t\t<\/div>\r\n\t\t\t<\/article>\r\n\t<article class=\"w-grid-item size_1x1 post-9794 post type-post status-publish format-standard hentry category-update\" data-id=\"9794\">\r\n\t\t<div class=\"w-grid-item-h\">\r\n\t\t\t\t\t\t<time class=\"w-post-elm post_date usg_post_date_1 has_text_color entry-date published\" datetime=\"2025-11-11T15:41:06+01:00\">11. November 2025<\/time><p class=\"w-post-elm post_title usg_post_title_1 has_text_color entry-title color_link_inherit\"><a href=\"https:\/\/www.edlohn.de\/home\/news\/update-mit-vorbereitungen-zum-jahreswechsel-2025-2026-auslieferung-13-11-2025\/\">Update mit Vorbereitungen zum Jahreswechsel 2025\/2026 \u2013 Auslieferung 13.11.2025<\/a><\/p>\t\t<\/div>\r\n\t\t\t<\/article>\r\n\t<article class=\"w-grid-item size_1x1 post-9528 post type-post status-publish format-standard hentry category-news category-update category-wartungen category-pinned\" data-id=\"9528\">\r\n\t\t<div class=\"w-grid-item-h\">\r\n\t\t\t\t\t\t<time class=\"w-post-elm post_date usg_post_date_1 has_text_color entry-date published\" datetime=\"2025-11-06T12:14:19+01:00\">6. November 2025<\/time><p class=\"w-post-elm post_title usg_post_title_1 has_text_color entry-title color_link_inherit\"><a href=\"https:\/\/www.edlohn.de\/home\/news\/neue-ewebstarter-version-fuer-edlohn-rechtzeitig-umstellen-weiter-sicher-abrechnen\/\">Neue eWebStarter-Version f\u00fcr edlohn: rechtzeitig umstellen, weiter sicher abrechnen<\/a><\/p>\t\t<\/div>\r\n\t\t\t<\/article>\r\n\t<article class=\"w-grid-item size_1x1 post-9483 post type-post status-publish format-standard hentry category-news category-update category-pinned\" data-id=\"9483\">\r\n\t\t<div class=\"w-grid-item-h\">\r\n\t\t\t\t\t\t<time class=\"w-post-elm post_date usg_post_date_1 has_text_color entry-date published\" datetime=\"2025-09-15T09:27:27+02:00\">15. September 2025<\/time><p class=\"w-post-elm post_title usg_post_title_1 has_text_color entry-title color_link_inherit\"><a href=\"https:\/\/www.edlohn.de\/home\/news\/neues-in-edlohn-im-september\/\">Neues in edlohn im September<\/a><\/p>\t\t<\/div>\r\n\t\t\t<\/article>\r\n\t<article class=\"w-grid-item size_1x1 post-9331 post type-post status-publish format-standard hentry category-tipps category-update category-pinned\" data-id=\"9331\">\r\n\t\t<div class=\"w-grid-item-h\">\r\n\t\t\t\t\t\t<time class=\"w-post-elm post_date usg_post_date_1 has_text_color entry-date published\" datetime=\"2025-07-24T15:13:15+02:00\">24. Juli 2025<\/time><p class=\"w-post-elm post_title usg_post_title_1 has_text_color entry-title color_link_inherit\"><a href=\"https:\/\/www.edlohn.de\/home\/news\/wichtige-information-zum-start-des-dabpv-verfahrens\/\">Wichtige Information zum Start des DABPV\u2013 Verfahrens &#8211; Aktualisierung!<\/a><\/p>\t\t<\/div>\r\n\t\t\t<\/article>\r\n\t<article class=\"w-grid-item size_1x1 post-9296 post type-post status-publish format-standard hentry category-news category-update category-pinned\" data-id=\"9296\">\r\n\t\t<div class=\"w-grid-item-h\">\r\n\t\t\t\t\t\t<time class=\"w-post-elm post_date usg_post_date_1 has_text_color entry-date published\" datetime=\"2025-07-16T16:10:39+02:00\">16. Juli 2025<\/time><p class=\"w-post-elm post_title usg_post_title_1 has_text_color entry-title color_link_inherit\"><a href=\"https:\/\/www.edlohn.de\/home\/news\/juli-update-von-edlohn\/\">Juli-Update von edlohn<\/a><\/p>\t\t<\/div>\r\n\t\t\t<\/article>\r\n\t<article class=\"w-grid-item size_1x1 post-9190 post type-post status-publish format-standard hentry category-news category-update category-pinned\" data-id=\"9190\">\r\n\t\t<div class=\"w-grid-item-h\">\r\n\t\t\t\t\t\t<time class=\"w-post-elm post_date usg_post_date_1 has_text_color entry-date published\" datetime=\"2025-05-14T10:01:34+02:00\">14. Mai 2025<\/time><p class=\"w-post-elm post_title usg_post_title_1 has_text_color entry-title color_link_inherit\"><a href=\"https:\/\/www.edlohn.de\/home\/news\/mai-update-von-edlohn\/\">Mai-Update von edlohn<\/a><\/p>\t\t<\/div>\r\n\t\t\t<\/article>\r\n<\/div>\t<div class=\"w-grid-preloader\">\r\n\t\t<div class=\"g-preloader type_1\">\r\n\t\t\t<div><\/div>\r\n\t\t<\/div>\r\n\t<\/div>\r\n\t\t<div class=\"w-grid-json hidden\" onclick='return {&quot;action&quot;:&quot;us_ajax_grid&quot;,&quot;infinite_scroll&quot;:0,&quot;max_num_pages&quot;:6,&quot;pagination&quot;:&quot;none&quot;,&quot;template_vars&quot;:{&quot;columns&quot;:&quot;1&quot;,&quot;exclude_items&quot;:&quot;none&quot;,&quot;img_size&quot;:&quot;default&quot;,&quot;ignore_items_size&quot;:0,&quot;items_layout&quot;:&quot;5761&quot;,&quot;items_offset&quot;:&quot;1&quot;,&quot;load_animation&quot;:&quot;none&quot;,&quot;overriding_link&quot;:&quot;{\\&quot;url\\&quot;:\\&quot;\\&quot;}&quot;,&quot;post_id&quot;:5754,&quot;query_args&quot;:{&quot;post_type&quot;:[&quot;post&quot;],&quot;tax_query&quot;:[{&quot;taxonomy&quot;:&quot;category&quot;,&quot;field&quot;:&quot;slug&quot;,&quot;terms&quot;:[&quot;update&quot;]}],&quot;post_status&quot;:[&quot;publish&quot;],&quot;posts_per_page&quot;:&quot;10&quot;},&quot;orderby_query_args&quot;:{&quot;orderby&quot;:{&quot;date&quot;:&quot;DESC&quot;}},&quot;type&quot;:&quot;grid&quot;,&quot;us_grid_post_type&quot;:&quot;post&quot;,&quot;us_grid_ajax_index&quot;:2,&quot;us_grid_filter_query_string&quot;:null,&quot;us_grid_index&quot;:2,&quot;page_args&quot;:[]}}'><\/div>\r\n\t<\/div><\/div><\/div><\/div><\/div><\/div><\/div><\/div><\/div><\/div><\/div><\/section>\n<\/div><\/div><\/div><\/div><\/div><\/section>\n","protected":false},"excerpt":{"rendered":"Mit den warmen Fr\u00fchlingstagen kommt auch ein frisches Update f\u00fcr edlohn. Ab dem 16. Mai k\u00f6nnen Sie die neueste Version von edlohn nutzen, die zahlreiche spannende \u00c4nderungen und Verbesserungen mit sich bringt. Ein \u00dcberblick \u00fcber die wichtigsten Neuerungen: Anpassung der neuen Pf\u00e4ndungsfreigrenzen ab 1. Juli 2025 Vorbereitungen zum digitalen Nachweisverfahren \u201eAbruf Elterneigenschaft\u201c (DaBPV\/PUEG) (Freischaltung f\u00fcr...","protected":false},"author":4,"featured_media":0,"parent":0,"menu_order":0,"comment_status":"closed","ping_status":"closed","template":"","meta":{"footnotes":""},"class_list":["post-1579","page","type-page","status-publish","hentry"],"_links":{"self":[{"href":"https:\/\/www.edlohn.de\/home\/wp-json\/wp\/v2\/pages\/1579","targetHints":{"allow":["GET"]}}],"collection":[{"href":"https:\/\/www.edlohn.de\/home\/wp-json\/wp\/v2\/pages"}],"about":[{"href":"https:\/\/www.edlohn.de\/home\/wp-json\/wp\/v2\/types\/page"}],"author":[{"embeddable":true,"href":"https:\/\/www.edlohn.de\/home\/wp-json\/wp\/v2\/users\/4"}],"replies":[{"embeddable":true,"href":"https:\/\/www.edlohn.de\/home\/wp-json\/wp\/v2\/comments?post=1579"}],"version-history":[{"count":0,"href":"https:\/\/www.edlohn.de\/home\/wp-json\/wp\/v2\/pages\/1579\/revisions"}],"wp:attachment":[{"href":"https:\/\/www.edlohn.de\/home\/wp-json\/wp\/v2\/media?parent=1579"}],"curies":[{"name":"wp","href":"https:\/\/api.w.org\/{rel}","templated":true}]}}